{"id":354,"date":"2020-10-13T17:15:14","date_gmt":"2020-10-13T15:15:14","guid":{"rendered":"https:\/\/julian-nida-ruemelin.com\/?page_id=354"},"modified":"2023-07-20T11:44:12","modified_gmt":"2023-07-20T09:44:12","slug":"herausgeberschaften-julian-nida-rumelin","status":"publish","type":"page","link":"https:\/\/julian-nida-ruemelin.com\/en\/herausgeberschaften-julian-nida-rumelin\/","title":{"rendered":"Editerships"},"content":{"rendered":"<div data-elementor-type=\"wp-page\" data-elementor-id=\"354\" class=\"elementor elementor-354\">\n\t\t\t\t\t\t<section class=\"elementor-section elementor-top-section elementor-element elementor-element-a39b073 elementor-section-boxed elementor-section-height-default elementor-section-height-default\" data-id=\"a39b073\" data-element_type=\"section\" data-e-type=\"section\">\n\t\t\t\t\t\t<div class=\"elementor-container elementor-column-gap-default\">\n\t\t\t\t\t<div class=\"elementor-column elementor-col-100 elementor-top-column elementor-element elementor-element-4411609\" data-id=\"4411609\" data-element_type=\"column\" data-e-type=\"column\">\n\t\t\t<div class=\"elementor-widget-wrap elementor-element-populated\">\n\t\t\t\t\t\t<div class=\"elementor-element elementor-element-2a67e19 elementor-widget elementor-widget-spacer\" data-id=\"2a67e19\" data-element_type=\"widget\" data-e-type=\"widget\" data-widget_type=\"spacer.default\">\n\t\t\t\t<div class=\"elementor-widget-container\">\n\t\t\t\t\t\t\t<div class=\"elementor-spacer\">\n\t\t\t<div class=\"elementor-spacer-inner\"><\/div>\n\t\t<\/div>\n\t\t\t\t\t\t<\/div>\n\t\t\t\t<\/div>\n\t\t\t\t\t<\/div>\n\t\t<\/div>\n\t\t\t\t\t<\/div>\n\t\t<\/section>\n\t\t\t\t<section class=\"elementor-section elementor-top-section elementor-element elementor-element-270cd43 elementor-section-boxed elementor-section-height-default elementor-section-height-default\" data-id=\"270cd43\" data-element_type=\"section\" data-e-type=\"section\">\n\t\t\t\t\t\t<div class=\"elementor-container elementor-column-gap-default\">\n\t\t\t\t\t<div class=\"elementor-column elementor-col-100 elementor-top-column elementor-element elementor-element-eed419a\" data-id=\"eed419a\" data-element_type=\"column\" data-e-type=\"column\">\n\t\t\t<div class=\"elementor-widget-wrap elementor-element-populated\">\n\t\t\t\t\t\t<div class=\"elementor-element elementor-element-969278b elementor-invisible elementor-widget elementor-widget-heading\" data-id=\"969278b\" data-element_type=\"widget\" data-e-type=\"widget\" data-settings=\"{&quot;_animation&quot;:&quot;fadeInDown&quot;}\" data-widget_type=\"heading.default\">\n\t\t\t\t<div class=\"elementor-widget-container\">\n\t\t\t\t\t<h1 class=\"elementor-heading-title elementor-size-default\">Editerships<\/h1>\t\t\t\t<\/div>\n\t\t\t\t<\/div>\n\t\t\t\t\t<\/div>\n\t\t<\/div>\n\t\t\t\t\t<\/div>\n\t\t<\/section>\n\t\t\t\t<section class=\"elementor-section elementor-top-section elementor-element elementor-element-b3de2e2 elementor-section-boxed elementor-section-height-default elementor-section-height-default\" data-id=\"b3de2e2\" data-element_type=\"section\" data-e-type=\"section\">\n\t\t\t\t\t\t<div class=\"elementor-container elementor-column-gap-default\">\n\t\t\t\t\t<div class=\"elementor-column elementor-col-100 elementor-top-column elementor-element elementor-element-0f65209\" data-id=\"0f65209\" data-element_type=\"column\" data-e-type=\"column\">\n\t\t\t<div class=\"elementor-widget-wrap elementor-element-populated\">\n\t\t\t\t\t\t<div class=\"elementor-element elementor-element-0f9f076 elementor-widget-divider--view-line elementor-widget elementor-widget-divider\" data-id=\"0f9f076\" data-element_type=\"widget\" data-e-type=\"widget\" data-widget_type=\"divider.default\">\n\t\t\t\t<div class=\"elementor-widget-container\">\n\t\t\t\t\t\t\t<div class=\"elementor-divider\">\n\t\t\t<span class=\"elementor-divider-separator\">\n\t\t\t\t\t\t<\/span>\n\t\t<\/div>\n\t\t\t\t\t\t<\/div>\n\t\t\t\t<\/div>\n\t\t\t\t\t<\/div>\n\t\t<\/div>\n\t\t\t\t\t<\/div>\n\t\t<\/section>\n\t\t\t\t<section class=\"elementor-section elementor-top-section elementor-element elementor-element-f557f23 elementor-section-content-middle elementor-reverse-mobile elementor-section-boxed elementor-section-height-default elementor-section-height-default\" data-id=\"f557f23\" data-element_type=\"section\" data-e-type=\"section\">\n\t\t\t\t\t\t<div class=\"elementor-container elementor-column-gap-default\">\n\t\t\t\t\t<div class=\"elementor-column elementor-col-50 elementor-top-column elementor-element elementor-element-a1bc62a\" data-id=\"a1bc62a\" data-element_type=\"column\" data-e-type=\"column\">\n\t\t\t<div class=\"elementor-widget-wrap elementor-element-populated\">\n\t\t\t\t\t\t<div class=\"elementor-element elementor-element-4b01083 elementor-invisible elementor-widget elementor-widget-heading\" data-id=\"4b01083\" data-element_type=\"widget\" data-e-type=\"widget\" data-settings=\"{&quot;_animation&quot;:&quot;fadeInDown&quot;}\" data-widget_type=\"heading.default\">\n\t\t\t\t<div class=\"elementor-widget-container\">\n\t\t\t\t\t<h3 class=\"elementor-heading-title elementor-size-default\">\u00dcber das Unverf\u00fcgbare<\/h3>\t\t\t\t<\/div>\n\t\t\t\t<\/div>\n\t\t\t\t<div class=\"elementor-element elementor-element-7238856 elementor-widget elementor-widget-text-editor\" data-id=\"7238856\" data-element_type=\"widget\" data-e-type=\"widget\" data-widget_type=\"text-editor.default\">\n\t\t\t\t<div class=\"elementor-widget-container\">\n\t\t\t\t\t\t\t\t\t<p>Im vorliegenden Band erkunden Theologinnen und Theologen im Gespr\u00e4ch mit Nida-R\u00fcmelin die Frage nach der Rolle von Religions- und Glaubensgemeinschaften in einer s\u00e4kularen Gesellschaft.<\/p>\t\t\t\t\t\t\t\t<\/div>\n\t\t\t\t<\/div>\n\t\t\t\t\t<\/div>\n\t\t<\/div>\n\t\t\t\t<div class=\"elementor-column elementor-col-50 elementor-top-column elementor-element elementor-element-fe47fb5\" data-id=\"fe47fb5\" data-element_type=\"column\" data-e-type=\"column\">\n\t\t\t<div class=\"elementor-widget-wrap elementor-element-populated\">\n\t\t\t\t\t\t<div class=\"elementor-element elementor-element-296ef19 elementor-invisible elementor-widget elementor-widget-image\" data-id=\"296ef19\" data-element_type=\"widget\" data-e-type=\"widget\" data-settings=\"{&quot;_animation&quot;:&quot;fadeInDown&quot;}\" data-widget_type=\"image.default\">\n\t\t\t\t<div class=\"elementor-widget-container\">\n\t\t\t\t\t\t\t\t\t\t\t\t\t\t\t\t<a href=\"https:\/\/www.degruyter.com\/view\/title\/537252\" target=\"_blank\" rel=\"noopener\">\n\t\t\t\t\t\t\t<img fetchpriority=\"high\" decoding=\"async\" data-attachment-id=\"6430\" data-permalink=\"https:\/\/julian-nida-ruemelin.com\/en\/herausgeberschaften-julian-nida-rumelin\/u%cc%88ber-das-unverfu%cc%88gbare\/\" data-orig-file=\"https:\/\/i0.wp.com\/julian-nida-ruemelin.com\/wp-content\/uploads\/2023\/07\/Ueber-das-Unverfuegbare.png?fit=862%2C1322&amp;ssl=1\" data-orig-size=\"862,1322\" data-comments-opened=\"1\" data-image-meta=\"{&quot;aperture&quot;:&quot;0&quot;,&quot;credit&quot;:&quot;&quot;,&quot;camera&quot;:&quot;&quot;,&quot;caption&quot;:&quot;&quot;,&quot;created_timestamp&quot;:&quot;0&quot;,&quot;copyright&quot;:&quot;&quot;,&quot;focal_length&quot;:&quot;0&quot;,&quot;iso&quot;:&quot;0&quot;,&quot;shutter_speed&quot;:&quot;0&quot;,&quot;title&quot;:&quot;&quot;,&quot;orientation&quot;:&quot;0&quot;}\" data-image-title=\"U\u0308ber das Unverfu\u0308gbare\" data-image-description=\"&lt;p&gt;&lt;\u00dcber das Unverf\u00fcgbare&gt;&lt;\/p&gt;\" data-image-caption=\"&lt;p&gt;&lt;\u00dcber das Unverf\u00fcgbare&gt;&lt;\/p&gt;\" data-large-file=\"https:\/\/i0.wp.com\/julian-nida-ruemelin.com\/wp-content\/uploads\/2023\/07\/Ueber-das-Unverfuegbare.png?fit=668%2C1024&amp;ssl=1\" width=\"196\" height=\"300\" src=\"https:\/\/i0.wp.com\/julian-nida-ruemelin.com\/wp-content\/uploads\/2023\/07\/Ueber-das-Unverfuegbare.png?fit=196%2C300&amp;ssl=1\" class=\"attachment-medium size-medium wp-image-6430\" alt=\"Herausgeberschaften\" srcset=\"https:\/\/i0.wp.com\/julian-nida-ruemelin.com\/wp-content\/uploads\/2023\/07\/Ueber-das-Unverfuegbare.png?w=862&amp;ssl=1 862w, https:\/\/i0.wp.com\/julian-nida-ruemelin.com\/wp-content\/uploads\/2023\/07\/Ueber-das-Unverfuegbare.png?resize=196%2C300&amp;ssl=1 196w, https:\/\/i0.wp.com\/julian-nida-ruemelin.com\/wp-content\/uploads\/2023\/07\/Ueber-das-Unverfuegbare.png?resize=668%2C1024&amp;ssl=1 668w, https:\/\/i0.wp.com\/julian-nida-ruemelin.com\/wp-content\/uploads\/2023\/07\/Ueber-das-Unverfuegbare.png?resize=768%2C1178&amp;ssl=1 768w, https:\/\/i0.wp.com\/julian-nida-ruemelin.com\/wp-content\/uploads\/2023\/07\/Ueber-das-Unverfuegbare.png?resize=8%2C12&amp;ssl=1 8w\" sizes=\"(max-width: 196px) 100vw, 196px\" \/>\t\t\t\t\t\t\t\t<\/a>\n\t\t\t\t\t\t\t\t\t\t\t\t\t\t\t<\/div>\n\t\t\t\t<\/div>\n\t\t\t\t<div class=\"elementor-element elementor-element-3050549 elementor-button-info elementor-align-center elementor-widget elementor-widget-button\" data-id=\"3050549\" data-element_type=\"widget\" data-e-type=\"widget\" data-widget_type=\"button.default\">\n\t\t\t\t<div class=\"elementor-widget-container\">\n\t\t\t\t\t\t\t\t\t<div class=\"elementor-button-wrapper\">\n\t\t\t\t\t<a class=\"elementor-button elementor-button-link elementor-size-sm\" href=\"https:\/\/www.herder.de\/theologie-pastoral\/shop\/p2\/81985-ueber-das-unverfuegbare-kartonierte-ausgabe\/\" target=\"_blank\" rel=\"nofollow noopener\">\n\t\t\t\t\t\t<span class=\"elementor-button-content-wrapper\">\n\t\t\t\t\t\t<span class=\"elementor-button-icon\">\n\t\t\t\t<i aria-hidden=\"true\" class=\"far fa-hand-pointer\"><\/i>\t\t\t<\/span>\n\t\t\t\t\t\t\t\t\t<span class=\"elementor-button-text\">Herder<\/span>\n\t\t\t\t\t<\/span>\n\t\t\t\t\t<\/a>\n\t\t\t\t<\/div>\n\t\t\t\t\t\t\t\t<\/div>\n\t\t\t\t<\/div>\n\t\t\t\t\t<\/div>\n\t\t<\/div>\n\t\t\t\t\t<\/div>\n\t\t<\/section>\n\t\t\t\t<section class=\"elementor-section elementor-top-section elementor-element elementor-element-837d62d elementor-section-content-middle elementor-reverse-mobile elementor-section-boxed elementor-section-height-default elementor-section-height-default\" data-id=\"837d62d\" data-element_type=\"section\" data-e-type=\"section\">\n\t\t\t\t\t\t<div class=\"elementor-container elementor-column-gap-default\">\n\t\t\t\t\t<div class=\"elementor-column elementor-col-50 elementor-top-column elementor-element elementor-element-141f8de\" data-id=\"141f8de\" data-element_type=\"column\" data-e-type=\"column\">\n\t\t\t<div class=\"elementor-widget-wrap elementor-element-populated\">\n\t\t\t\t\t\t<div class=\"elementor-element elementor-element-1c591d1 elementor-invisible elementor-widget elementor-widget-image\" data-id=\"1c591d1\" data-element_type=\"widget\" data-e-type=\"widget\" data-settings=\"{&quot;_animation&quot;:&quot;fadeInDown&quot;}\" data-widget_type=\"image.default\">\n\t\t\t\t<div class=\"elementor-widget-container\">\n\t\t\t\t\t\t\t\t\t\t\t\t\t\t\t\t<a href=\"https:\/\/www.degruyter.com\/view\/title\/537252\" target=\"_blank\" rel=\"noopener\">\n\t\t\t\t\t\t\t<img decoding=\"async\" data-attachment-id=\"5800\" data-permalink=\"https:\/\/julian-nida-ruemelin.com\/en\/aktuelles\/perspektiven-ukrainekrieg\/\" data-orig-file=\"https:\/\/i0.wp.com\/julian-nida-ruemelin.com\/wp-content\/uploads\/2020\/10\/Perspektiven-Ukrainekrieg.png?fit=484%2C766&amp;ssl=1\" data-orig-size=\"484,766\" data-comments-opened=\"1\" data-image-meta=\"{&quot;aperture&quot;:&quot;0&quot;,&quot;credit&quot;:&quot;&quot;,&quot;camera&quot;:&quot;&quot;,&quot;caption&quot;:&quot;&quot;,&quot;created_timestamp&quot;:&quot;0&quot;,&quot;copyright&quot;:&quot;&quot;,&quot;focal_length&quot;:&quot;0&quot;,&quot;iso&quot;:&quot;0&quot;,&quot;shutter_speed&quot;:&quot;0&quot;,&quot;title&quot;:&quot;&quot;,&quot;orientation&quot;:&quot;0&quot;}\" data-image-title=\"Perspektiven Ukrainekrieg\" data-image-description=\"&lt;p&gt;&lt;Perspektiven nach den Ukrainekrieg&gt;&lt;\/p&gt;\" data-image-caption=\"&lt;p&gt;&lt;Perspektiven nach den Ukrainekrieg&gt;&lt;\/p&gt;\" data-large-file=\"https:\/\/i0.wp.com\/julian-nida-ruemelin.com\/wp-content\/uploads\/2020\/10\/Perspektiven-Ukrainekrieg.png?fit=484%2C484&amp;ssl=1\" width=\"190\" height=\"300\" src=\"https:\/\/i0.wp.com\/julian-nida-ruemelin.com\/wp-content\/uploads\/2020\/10\/Perspektiven-Ukrainekrieg.png?fit=190%2C300&amp;ssl=1\" class=\"attachment-medium size-medium wp-image-5800\" alt=\"Herausgeberschaften\" srcset=\"https:\/\/i0.wp.com\/julian-nida-ruemelin.com\/wp-content\/uploads\/2020\/10\/Perspektiven-Ukrainekrieg.png?w=484&amp;ssl=1 484w, https:\/\/i0.wp.com\/julian-nida-ruemelin.com\/wp-content\/uploads\/2020\/10\/Perspektiven-Ukrainekrieg.png?resize=190%2C300&amp;ssl=1 190w, https:\/\/i0.wp.com\/julian-nida-ruemelin.com\/wp-content\/uploads\/2020\/10\/Perspektiven-Ukrainekrieg.png?resize=8%2C12&amp;ssl=1 8w\" sizes=\"(max-width: 190px) 100vw, 190px\" \/>\t\t\t\t\t\t\t\t<\/a>\n\t\t\t\t\t\t\t\t\t\t\t\t\t\t\t<\/div>\n\t\t\t\t<\/div>\n\t\t\t\t<div class=\"elementor-element elementor-element-b4e07b7 elementor-button-info elementor-align-center elementor-widget elementor-widget-button\" data-id=\"b4e07b7\" data-element_type=\"widget\" data-e-type=\"widget\" data-widget_type=\"button.default\">\n\t\t\t\t<div class=\"elementor-widget-container\">\n\t\t\t\t\t\t\t\t\t<div class=\"elementor-button-wrapper\">\n\t\t\t\t\t<a class=\"elementor-button elementor-button-link elementor-size-sm\" href=\"https:\/\/www.herder.de\/geschichte-politik\/shop\/p4\/78649-perspektiven-nach-dem-ukrainekrieg-gebundene-ausgabe\/\" target=\"_blank\" rel=\"nofollow noopener\">\n\t\t\t\t\t\t<span class=\"elementor-button-content-wrapper\">\n\t\t\t\t\t\t<span class=\"elementor-button-icon\">\n\t\t\t\t<i aria-hidden=\"true\" class=\"far fa-hand-pointer\"><\/i>\t\t\t<\/span>\n\t\t\t\t\t\t\t\t\t<span class=\"elementor-button-text\">Herder<\/span>\n\t\t\t\t\t<\/span>\n\t\t\t\t\t<\/a>\n\t\t\t\t<\/div>\n\t\t\t\t\t\t\t\t<\/div>\n\t\t\t\t<\/div>\n\t\t\t\t\t<\/div>\n\t\t<\/div>\n\t\t\t\t<div class=\"elementor-column elementor-col-50 elementor-top-column elementor-element elementor-element-df042ce\" data-id=\"df042ce\" data-element_type=\"column\" data-e-type=\"column\">\n\t\t\t<div class=\"elementor-widget-wrap elementor-element-populated\">\n\t\t\t\t\t\t<div class=\"elementor-element elementor-element-5e61026 elementor-invisible elementor-widget elementor-widget-heading\" data-id=\"5e61026\" data-element_type=\"widget\" data-e-type=\"widget\" data-settings=\"{&quot;_animation&quot;:&quot;fadeInDown&quot;}\" data-widget_type=\"heading.default\">\n\t\t\t\t<div class=\"elementor-widget-container\">\n\t\t\t\t\t<h3 class=\"elementor-heading-title elementor-size-default\"> Wege zu einer neuen Friedensordnung<\/h3>\t\t\t\t<\/div>\n\t\t\t\t<\/div>\n\t\t\t\t<div class=\"elementor-element elementor-element-f819f8f elementor-widget elementor-widget-text-editor\" data-id=\"f819f8f\" data-element_type=\"widget\" data-e-type=\"widget\" data-widget_type=\"text-editor.default\">\n\t\t\t\t<div class=\"elementor-widget-container\">\n\t\t\t\t\t\t\t\t\t<p>Die Autoren dieses Buches eint die Sorge um eine Verk\u00fcrzung der aktuellen Debatten auf die milit\u00e4rische Logik und gleichzeitig eine falsche Moralisierung der Au\u00dfenpolitik. Sie er\u00f6ffnen unterschiedliche Perspektiven f\u00fcr eine neue Realpolitik, in der die Interessen der Ukraine ber\u00fccksichtigt und zugleich die Chancen f\u00fcr stabile Sicherheit und Frieden ausgelotet werden.<\/p>\t\t\t\t\t\t\t\t<\/div>\n\t\t\t\t<\/div>\n\t\t\t\t\t<\/div>\n\t\t<\/div>\n\t\t\t\t\t<\/div>\n\t\t<\/section>\n\t\t\t\t<section class=\"elementor-section elementor-top-section elementor-element elementor-element-5da6f52 elementor-section-content-middle elementor-reverse-mobile elementor-section-boxed elementor-section-height-default elementor-section-height-default\" data-id=\"5da6f52\" data-element_type=\"section\" data-e-type=\"section\">\n\t\t\t\t\t\t<div class=\"elementor-container elementor-column-gap-default\">\n\t\t\t\t\t<div class=\"elementor-column elementor-col-50 elementor-top-column elementor-element elementor-element-a39cc4a\" data-id=\"a39cc4a\" data-element_type=\"column\" data-e-type=\"column\">\n\t\t\t<div class=\"elementor-widget-wrap elementor-element-populated\">\n\t\t\t\t\t\t<div class=\"elementor-element elementor-element-85418af elementor-invisible elementor-widget elementor-widget-heading\" data-id=\"85418af\" data-element_type=\"widget\" data-e-type=\"widget\" data-settings=\"{&quot;_animation&quot;:&quot;fadeInDown&quot;}\" data-widget_type=\"heading.default\">\n\t\t\t\t<div class=\"elementor-widget-container\">\n\t\t\t\t\t<h3 class=\"elementor-heading-title elementor-size-default\">Internationale Gerechtigkeit  und institutionnelle Verantwortung <\/h3>\t\t\t\t<\/div>\n\t\t\t\t<\/div>\n\t\t\t\t<div class=\"elementor-element elementor-element-a479930 elementor-widget elementor-widget-text-editor\" data-id=\"a479930\" data-element_type=\"widget\" data-e-type=\"widget\" data-widget_type=\"text-editor.default\">\n\t\t\t\t<div class=\"elementor-widget-container\">\n\t\t\t\t\t\t\t\t\t<p class=\"p1\"><span class=\"s1\">Fast scheint es, als k\u00e4me die wissenschaftliche Diskussion \u00fcber internationale und globale Gerechtigkeit, welche die politische Theorie seit nunmehr 20 Jahren dominiert, nun als Farce auf die politische B\u00fchne. Von daher erkl\u00e4rt sich die Fragestellung in diesen Band:\u00a0 Welche institutionellen Voraussetzungen hat globale Handlungsverantwortung und wie kann institutionelle Verantwortung im Einklang mit Kriterien internationaler Gerechtigkeit wahrgenommen werden?<\/span><\/p>\t\t\t\t\t\t\t\t<\/div>\n\t\t\t\t<\/div>\n\t\t\t\t\t<\/div>\n\t\t<\/div>\n\t\t\t\t<div class=\"elementor-column elementor-col-50 elementor-top-column elementor-element elementor-element-4f55e0d\" data-id=\"4f55e0d\" data-element_type=\"column\" data-e-type=\"column\">\n\t\t\t<div class=\"elementor-widget-wrap elementor-element-populated\">\n\t\t\t\t\t\t<div class=\"elementor-element elementor-element-87e80ad elementor-invisible elementor-widget elementor-widget-image\" data-id=\"87e80ad\" data-element_type=\"widget\" data-e-type=\"widget\" data-settings=\"{&quot;_animation&quot;:&quot;fadeInDown&quot;}\" data-widget_type=\"image.default\">\n\t\t\t\t<div class=\"elementor-widget-container\">\n\t\t\t\t\t\t\t\t\t\t\t\t\t\t\t\t<a href=\"https:\/\/www.degruyter.com\/view\/title\/537252\" target=\"_blank\" rel=\"noopener\">\n\t\t\t\t\t\t\t<img decoding=\"async\" data-attachment-id=\"559\" data-permalink=\"https:\/\/julian-nida-ruemelin.com\/en\/herausgeberschaften-julian-nida-rumelin\/capture-decran-2020-10-16-a-19-18-23\/\" data-orig-file=\"https:\/\/i0.wp.com\/julian-nida-ruemelin.com\/wp-content\/uploads\/2020\/10\/Capture-de%CC%81cran-2020-10-16-a%CC%80-19.18.23.png?fit=149%2C221&amp;ssl=1\" data-orig-size=\"149,221\" data-comments-opened=\"1\" data-image-meta=\"{&quot;aperture&quot;:&quot;0&quot;,&quot;credit&quot;:&quot;&quot;,&quot;camera&quot;:&quot;&quot;,&quot;caption&quot;:&quot;&quot;,&quot;created_timestamp&quot;:&quot;0&quot;,&quot;copyright&quot;:&quot;&quot;,&quot;focal_length&quot;:&quot;0&quot;,&quot;iso&quot;:&quot;0&quot;,&quot;shutter_speed&quot;:&quot;0&quot;,&quot;title&quot;:&quot;&quot;,&quot;orientation&quot;:&quot;0&quot;}\" data-image-title=\"internationale gerechtigkeit\" data-image-description=\"&lt;p&gt;&lt;Herausgeberschaften&gt;&lt;\/p&gt;\" data-image-caption=\"&lt;p&gt;&lt;Herausgeberschaften&gt;&lt;\/p&gt;\" data-large-file=\"https:\/\/i0.wp.com\/julian-nida-ruemelin.com\/wp-content\/uploads\/2020\/10\/Capture-de%CC%81cran-2020-10-16-a%CC%80-19.18.23.png?fit=149%2C149&amp;ssl=1\" width=\"149\" height=\"221\" src=\"https:\/\/i0.wp.com\/julian-nida-ruemelin.com\/wp-content\/uploads\/2020\/10\/Capture-de%CC%81cran-2020-10-16-a%CC%80-19.18.23.png?fit=149%2C221&amp;ssl=1\" class=\"attachment-large size-large wp-image-559\" alt=\"Herausgeberschaften\" \/>\t\t\t\t\t\t\t\t<\/a>\n\t\t\t\t\t\t\t\t\t\t\t\t\t\t\t<\/div>\n\t\t\t\t<\/div>\n\t\t\t\t<div class=\"elementor-element elementor-element-9a1574a elementor-button-info elementor-align-center elementor-widget elementor-widget-button\" data-id=\"9a1574a\" data-element_type=\"widget\" data-e-type=\"widget\" data-widget_type=\"button.default\">\n\t\t\t\t<div class=\"elementor-widget-container\">\n\t\t\t\t\t\t\t\t\t<div class=\"elementor-button-wrapper\">\n\t\t\t\t\t<a class=\"elementor-button elementor-button-link elementor-size-sm\" href=\"https:\/\/www.degruyter.com\/view\/title\/537252\" target=\"_blank\" rel=\"noopener\">\n\t\t\t\t\t\t<span class=\"elementor-button-content-wrapper\">\n\t\t\t\t\t\t<span class=\"elementor-button-icon\">\n\t\t\t\t<i aria-hidden=\"true\" class=\"far fa-hand-pointer\"><\/i>\t\t\t<\/span>\n\t\t\t\t\t\t\t\t\t<span class=\"elementor-button-text\">De Gruyter<\/span>\n\t\t\t\t\t<\/span>\n\t\t\t\t\t<\/a>\n\t\t\t\t<\/div>\n\t\t\t\t\t\t\t\t<\/div>\n\t\t\t\t<\/div>\n\t\t\t\t\t<\/div>\n\t\t<\/div>\n\t\t\t\t\t<\/div>\n\t\t<\/section>\n\t\t\t\t<section class=\"elementor-section elementor-top-section elementor-element elementor-element-21424cdc elementor-section-content-middle elementor-section-boxed elementor-section-height-default elementor-section-height-default\" data-id=\"21424cdc\" data-element_type=\"section\" data-e-type=\"section\">\n\t\t\t\t\t\t<div class=\"elementor-container elementor-column-gap-default\">\n\t\t\t\t\t<div class=\"elementor-column elementor-col-50 elementor-top-column elementor-element elementor-element-5db057aa\" data-id=\"5db057aa\" data-element_type=\"column\" data-e-type=\"column\">\n\t\t\t<div class=\"elementor-widget-wrap elementor-element-populated\">\n\t\t\t\t\t\t<div class=\"elementor-element elementor-element-215e16f3 elementor-invisible elementor-widget elementor-widget-image\" data-id=\"215e16f3\" data-element_type=\"widget\" data-e-type=\"widget\" data-settings=\"{&quot;_animation&quot;:&quot;fadeInDown&quot;}\" data-widget_type=\"image.default\">\n\t\t\t\t<div class=\"elementor-widget-container\">\n\t\t\t\t\t\t\t\t\t\t\t\t\t\t\t\t<a href=\"https:\/\/i0.wp.com\/julian-nida-ruemelin.com\/wp-content\/uploads\/2020\/10\/Capture-de%CC%81cran-2020-10-16-a%CC%80-19.27.54.png?ssl=1\" data-elementor-open-lightbox=\"yes\" data-elementor-lightbox-title=\"Handbuch Philosophie und ethik\" data-elementor-lightbox-description=\"philosophie-ethik\" data-e-action-hash=\"#elementor-action%3Aaction%3Dlightbox%26settings%3DeyJpZCI6NTYzLCJ1cmwiOiJodHRwczpcL1wvanVsaWFuLW5pZGEtcnVlbWVsaW4uY29tXC93cC1jb250ZW50XC91cGxvYWRzXC8yMDIwXC8xMFwvQ2FwdHVyZS1kZVx1MDMwMWNyYW4tMjAyMC0xMC0xNi1hXHUwMzAwLTE5LjI3LjU0LnBuZyJ9\">\n\t\t\t\t\t\t\t<img decoding=\"async\" src=\"https:\/\/i0.wp.com\/julian-nida-ruemelin.com\/wp-content\/uploads\/2020\/10\/Capture-de%CC%81cran-2020-10-16-a%CC%80-19.27.54.png?fit=200%2C200&#038;ssl=1\" title=\"Handbuch Philosophie und ethik\" alt=\"Julian Nida-Ruemelin\" loading=\"lazy\" \/>\t\t\t\t\t\t\t\t<\/a>\n\t\t\t\t\t\t\t\t\t\t\t\t\t\t\t<\/div>\n\t\t\t\t<\/div>\n\t\t\t\t<div class=\"elementor-element elementor-element-5164748 elementor-button-info elementor-align-center elementor-widget elementor-widget-button\" data-id=\"5164748\" data-element_type=\"widget\" data-e-type=\"widget\" data-widget_type=\"button.default\">\n\t\t\t\t<div class=\"elementor-widget-container\">\n\t\t\t\t\t\t\t\t\t<div class=\"elementor-button-wrapper\">\n\t\t\t\t\t<a class=\"elementor-button elementor-button-link elementor-size-sm\" href=\"https:\/\/scholar.google.de\/scholar?q=handbuch+philosophie+und+ethik+utb&#038;hl=fr&#038;as_sdt=0&#038;as_vis=1&#038;oi=scholart\" target=\"_blank\" rel=\"noopener\">\n\t\t\t\t\t\t<span class=\"elementor-button-content-wrapper\">\n\t\t\t\t\t\t<span class=\"elementor-button-icon\">\n\t\t\t\t<i aria-hidden=\"true\" class=\"far fa-hand-pointer\"><\/i>\t\t\t<\/span>\n\t\t\t\t\t\t\t\t\t<span class=\"elementor-button-text\">UTB<\/span>\n\t\t\t\t\t<\/span>\n\t\t\t\t\t<\/a>\n\t\t\t\t<\/div>\n\t\t\t\t\t\t\t\t<\/div>\n\t\t\t\t<\/div>\n\t\t\t\t\t<\/div>\n\t\t<\/div>\n\t\t\t\t<div class=\"elementor-column elementor-col-50 elementor-top-column elementor-element elementor-element-6521ccc5\" data-id=\"6521ccc5\" data-element_type=\"column\" data-e-type=\"column\">\n\t\t\t<div class=\"elementor-widget-wrap elementor-element-populated\">\n\t\t\t\t\t\t<div class=\"elementor-element elementor-element-f3de160 elementor-invisible elementor-widget elementor-widget-heading\" data-id=\"f3de160\" data-element_type=\"widget\" data-e-type=\"widget\" data-settings=\"{&quot;_animation&quot;:&quot;fadeInDown&quot;}\" data-widget_type=\"heading.default\">\n\t\t\t\t<div class=\"elementor-widget-container\">\n\t\t\t\t\t<h3 class=\"elementor-heading-title elementor-size-default\">Handbuch Philosophie und Ethik Band 1&amp;2<\/h3>\t\t\t\t<\/div>\n\t\t\t\t<\/div>\n\t\t\t\t<div class=\"elementor-element elementor-element-173a7266 elementor-widget elementor-widget-text-editor\" data-id=\"173a7266\" data-element_type=\"widget\" data-e-type=\"widget\" data-widget_type=\"text-editor.default\">\n\t\t\t\t<div class=\"elementor-widget-container\">\n\t\t\t\t\t\t\t\t\t<p class=\"p1\"><span class=\"s1\">Das Handbuch bietet Studierenden, Referendaren und Lehrkr\u00e4ften eine systematische Einf\u00fchrung in die Philosophie sowie das Handwerkszeug f\u00fcr guten Unterricht.<\/span><\/p>\t\t\t\t\t\t\t\t<\/div>\n\t\t\t\t<\/div>\n\t\t\t\t\t<\/div>\n\t\t<\/div>\n\t\t\t\t\t<\/div>\n\t\t<\/section>\n\t\t\t\t<section class=\"elementor-section elementor-top-section elementor-element elementor-element-42679875 elementor-section-content-middle elementor-reverse-mobile elementor-section-boxed elementor-section-height-default elementor-section-height-default\" data-id=\"42679875\" data-element_type=\"section\" data-e-type=\"section\">\n\t\t\t\t\t\t<div class=\"elementor-container elementor-column-gap-default\">\n\t\t\t\t\t<div class=\"elementor-column elementor-col-50 elementor-top-column elementor-element elementor-element-3f4ffb56\" data-id=\"3f4ffb56\" data-element_type=\"column\" data-e-type=\"column\">\n\t\t\t<div class=\"elementor-widget-wrap elementor-element-populated\">\n\t\t\t\t\t\t<div class=\"elementor-element elementor-element-395fdb27 elementor-invisible elementor-widget elementor-widget-heading\" data-id=\"395fdb27\" data-element_type=\"widget\" data-e-type=\"widget\" data-settings=\"{&quot;_animation&quot;:&quot;fadeInDown&quot;}\" data-widget_type=\"heading.default\">\n\t\t\t\t<div class=\"elementor-widget-container\">\n\t\t\t\t\t<h3 class=\"elementor-heading-title elementor-size-default\">Anthropologie und Ethik <\/h3>\t\t\t\t<\/div>\n\t\t\t\t<\/div>\n\t\t\t\t<div class=\"elementor-element elementor-element-788df84f elementor-widget elementor-widget-text-editor\" data-id=\"788df84f\" data-element_type=\"widget\" data-e-type=\"widget\" data-widget_type=\"text-editor.default\">\n\t\t\t\t<div class=\"elementor-widget-container\">\n\t\t\t\t\t\t\t\t\t<p class=\"p1\"><span class=\"s1\">Gr\u00fcnden moralische Normen auf der Natur des Menschen oder gelten sie unabh\u00e4ngig davon? Ber\u00fccksichtigt\u00a0die Ethik menschliche Schw\u00e4chen, oder gelten die Anforderungen der Moral absolut? Wenn sich der Mensch\u00a0ver\u00e4ndert, etwa evolution\u00e4r oder durch biotechnologisches Enhancement, ver\u00e4ndern sich dann auch die\u00a0Anforderungen der Moral?<\/span><\/p>\t\t\t\t\t\t\t\t<\/div>\n\t\t\t\t<\/div>\n\t\t\t\t\t<\/div>\n\t\t<\/div>\n\t\t\t\t<div class=\"elementor-column elementor-col-50 elementor-top-column elementor-element elementor-element-3925d68e\" data-id=\"3925d68e\" data-element_type=\"column\" data-e-type=\"column\">\n\t\t\t<div class=\"elementor-widget-wrap elementor-element-populated\">\n\t\t\t\t\t\t<div class=\"elementor-element elementor-element-7cf5fb54 elementor-invisible elementor-widget elementor-widget-image\" data-id=\"7cf5fb54\" data-element_type=\"widget\" data-e-type=\"widget\" data-settings=\"{&quot;_animation&quot;:&quot;fadeInDown&quot;}\" data-widget_type=\"image.default\">\n\t\t\t\t<div class=\"elementor-widget-container\">\n\t\t\t\t\t\t\t\t\t\t\t\t\t\t\t<img loading=\"lazy\" decoding=\"async\" data-attachment-id=\"572\" data-permalink=\"https:\/\/julian-nida-ruemelin.com\/en\/herausgeberschaften-julian-nida-rumelin\/anthropologie-ethik\/\" data-orig-file=\"https:\/\/i0.wp.com\/julian-nida-ruemelin.com\/wp-content\/uploads\/2020\/10\/Anthropologie-ethik.png?fit=312%2C435&amp;ssl=1\" data-orig-size=\"312,435\" data-comments-opened=\"1\" data-image-meta=\"{&quot;aperture&quot;:&quot;0&quot;,&quot;credit&quot;:&quot;&quot;,&quot;camera&quot;:&quot;&quot;,&quot;caption&quot;:&quot;&quot;,&quot;created_timestamp&quot;:&quot;0&quot;,&quot;copyright&quot;:&quot;&quot;,&quot;focal_length&quot;:&quot;0&quot;,&quot;iso&quot;:&quot;0&quot;,&quot;shutter_speed&quot;:&quot;0&quot;,&quot;title&quot;:&quot;&quot;,&quot;orientation&quot;:&quot;0&quot;}\" data-image-title=\"Anthropologie und Ethik\" data-image-description=\"&lt;p&gt;Ber\u00fccksichtigt die Ethik menschliche Schw\u00e4chen&lt;\/p&gt;\" data-image-caption=\"&lt;p&gt;anthropologie und ethik&lt;\/p&gt;\" data-large-file=\"https:\/\/i0.wp.com\/julian-nida-ruemelin.com\/wp-content\/uploads\/2020\/10\/Anthropologie-ethik.png?fit=312%2C312&amp;ssl=1\" width=\"215\" height=\"300\" src=\"https:\/\/i0.wp.com\/julian-nida-ruemelin.com\/wp-content\/uploads\/2020\/10\/Anthropologie-ethik.png?fit=215%2C300&amp;ssl=1\" class=\"attachment-medium size-medium wp-image-572\" alt=\"Julian Nida-Ruemelin\" srcset=\"https:\/\/i0.wp.com\/julian-nida-ruemelin.com\/wp-content\/uploads\/2020\/10\/Anthropologie-ethik.png?w=312&amp;ssl=1 312w, https:\/\/i0.wp.com\/julian-nida-ruemelin.com\/wp-content\/uploads\/2020\/10\/Anthropologie-ethik.png?resize=215%2C300&amp;ssl=1 215w\" sizes=\"(max-width: 215px) 100vw, 215px\" \/>\t\t\t\t\t\t\t\t\t\t\t\t\t\t\t<\/div>\n\t\t\t\t<\/div>\n\t\t\t\t<div class=\"elementor-element elementor-element-47ada1f elementor-button-info elementor-align-center elementor-widget elementor-widget-button\" data-id=\"47ada1f\" data-element_type=\"widget\" data-e-type=\"widget\" data-widget_type=\"button.default\">\n\t\t\t\t<div class=\"elementor-widget-container\">\n\t\t\t\t\t\t\t\t\t<div class=\"elementor-button-wrapper\">\n\t\t\t\t\t<a class=\"elementor-button elementor-button-link elementor-size-sm\" href=\"https:\/\/www.degruyter.com\/view\/title\/506297\" target=\"_blank\" rel=\"noopener\">\n\t\t\t\t\t\t<span class=\"elementor-button-content-wrapper\">\n\t\t\t\t\t\t<span class=\"elementor-button-icon\">\n\t\t\t\t<i aria-hidden=\"true\" class=\"far fa-hand-pointer\"><\/i>\t\t\t<\/span>\n\t\t\t\t\t\t\t\t\t<span class=\"elementor-button-text\">De Gruyter<\/span>\n\t\t\t\t\t<\/span>\n\t\t\t\t\t<\/a>\n\t\t\t\t<\/div>\n\t\t\t\t\t\t\t\t<\/div>\n\t\t\t\t<\/div>\n\t\t\t\t\t<\/div>\n\t\t<\/div>\n\t\t\t\t\t<\/div>\n\t\t<\/section>\n\t\t\t\t<section class=\"elementor-section elementor-top-section elementor-element elementor-element-672ca115 elementor-section-content-middle elementor-section-boxed elementor-section-height-default elementor-section-height-default\" data-id=\"672ca115\" data-element_type=\"section\" data-e-type=\"section\">\n\t\t\t\t\t\t<div class=\"elementor-container elementor-column-gap-default\">\n\t\t\t\t\t<div class=\"elementor-column elementor-col-50 elementor-top-column elementor-element elementor-element-29efc7b8\" data-id=\"29efc7b8\" data-element_type=\"column\" data-e-type=\"column\">\n\t\t\t<div class=\"elementor-widget-wrap elementor-element-populated\">\n\t\t\t\t\t\t<div class=\"elementor-element elementor-element-7b500895 elementor-invisible elementor-widget elementor-widget-image\" data-id=\"7b500895\" data-element_type=\"widget\" data-e-type=\"widget\" data-settings=\"{&quot;_animation&quot;:&quot;fadeInDown&quot;}\" data-widget_type=\"image.default\">\n\t\t\t\t<div class=\"elementor-widget-container\">\n\t\t\t\t\t\t\t\t\t\t\t\t\t\t\t\t<a href=\"https:\/\/i0.wp.com\/julian-nida-ruemelin.com\/wp-content\/uploads\/2020\/10\/Rethinking.JNR_.png?ssl=1\" data-elementor-open-lightbox=\"yes\" data-elementor-lightbox-title=\"Rethinking.JNR\" data-elementor-lightbox-description=\"technologie\" data-e-action-hash=\"#elementor-action%3Aaction%3Dlightbox%26settings%3DeyJpZCI6NjYzLCJ1cmwiOiJodHRwczpcL1wvanVsaWFuLW5pZGEtcnVlbWVsaW4uY29tXC93cC1jb250ZW50XC91cGxvYWRzXC8yMDIwXC8xMFwvUmV0aGlua2luZy5KTlJfLnBuZyJ9\">\n\t\t\t\t\t\t\t<img loading=\"lazy\" decoding=\"async\" data-attachment-id=\"663\" data-permalink=\"https:\/\/julian-nida-ruemelin.com\/en\/herausgeberschaften-julian-nida-rumelin\/rethinking-jnr\/\" data-orig-file=\"https:\/\/i0.wp.com\/julian-nida-ruemelin.com\/wp-content\/uploads\/2020\/10\/Rethinking.JNR_.png?fit=211%2C299&amp;ssl=1\" data-orig-size=\"211,299\" data-comments-opened=\"1\" data-image-meta=\"{&quot;aperture&quot;:&quot;0&quot;,&quot;credit&quot;:&quot;&quot;,&quot;camera&quot;:&quot;&quot;,&quot;caption&quot;:&quot;&quot;,&quot;created_timestamp&quot;:&quot;0&quot;,&quot;copyright&quot;:&quot;&quot;,&quot;focal_length&quot;:&quot;0&quot;,&quot;iso&quot;:&quot;0&quot;,&quot;shutter_speed&quot;:&quot;0&quot;,&quot;title&quot;:&quot;&quot;,&quot;orientation&quot;:&quot;0&quot;}\" data-image-title=\"Rethinking.JNR\" data-image-description=\"&lt;p&gt;technologie&lt;\/p&gt;\" data-image-caption=\"&lt;p&gt;science&lt;\/p&gt;\" data-large-file=\"https:\/\/i0.wp.com\/julian-nida-ruemelin.com\/wp-content\/uploads\/2020\/10\/Rethinking.JNR_.png?fit=211%2C211&amp;ssl=1\" width=\"211\" height=\"211\" src=\"https:\/\/i0.wp.com\/julian-nida-ruemelin.com\/wp-content\/uploads\/2020\/10\/Rethinking.JNR_.png?fit=211%2C211&amp;ssl=1\" class=\"attachment-medium size-medium wp-image-663\" alt=\"Julian Nida-Ruemelin\" srcset=\"https:\/\/i0.wp.com\/julian-nida-ruemelin.com\/wp-content\/uploads\/2020\/10\/Rethinking.JNR_.png?resize=150%2C150&amp;ssl=1 150w, https:\/\/i0.wp.com\/julian-nida-ruemelin.com\/wp-content\/uploads\/2020\/10\/Rethinking.JNR_.png?resize=200%2C200&amp;ssl=1 200w\" sizes=\"(max-width: 211px) 100vw, 211px\" \/>\t\t\t\t\t\t\t\t<\/a>\n\t\t\t\t\t\t\t\t\t\t\t\t\t\t\t<\/div>\n\t\t\t\t<\/div>\n\t\t\t\t<div class=\"elementor-element elementor-element-29c4374 elementor-button-info elementor-align-center elementor-widget elementor-widget-button\" data-id=\"29c4374\" data-element_type=\"widget\" data-e-type=\"widget\" data-widget_type=\"button.default\">\n\t\t\t\t<div class=\"elementor-widget-container\">\n\t\t\t\t\t\t\t\t\t<div class=\"elementor-button-wrapper\">\n\t\t\t\t\t<a class=\"elementor-button elementor-button-link elementor-size-sm\" href=\"https:\/\/www.pisauniversitypress.it\/scheda-libro\/autori-vari\/rethinking-responsibility-in-science-and-technology-9788867413737-220016.html\" target=\"_blank\" rel=\"noopener\">\n\t\t\t\t\t\t<span class=\"elementor-button-content-wrapper\">\n\t\t\t\t\t\t<span class=\"elementor-button-icon\">\n\t\t\t\t<i aria-hidden=\"true\" class=\"far fa-hand-pointer\"><\/i>\t\t\t<\/span>\n\t\t\t\t\t\t\t\t\t<span class=\"elementor-button-text\">Pisa<\/span>\n\t\t\t\t\t<\/span>\n\t\t\t\t\t<\/a>\n\t\t\t\t<\/div>\n\t\t\t\t\t\t\t\t<\/div>\n\t\t\t\t<\/div>\n\t\t\t\t\t<\/div>\n\t\t<\/div>\n\t\t\t\t<div class=\"elementor-column elementor-col-50 elementor-top-column elementor-element elementor-element-175be8ae\" data-id=\"175be8ae\" data-element_type=\"column\" data-e-type=\"column\">\n\t\t\t<div class=\"elementor-widget-wrap elementor-element-populated\">\n\t\t\t\t\t\t<div class=\"elementor-element elementor-element-386536cf elementor-invisible elementor-widget elementor-widget-heading\" data-id=\"386536cf\" data-element_type=\"widget\" data-e-type=\"widget\" data-settings=\"{&quot;_animation&quot;:&quot;fadeInDown&quot;}\" data-widget_type=\"heading.default\">\n\t\t\t\t<div class=\"elementor-widget-container\">\n\t\t\t\t\t<h3 class=\"elementor-heading-title elementor-size-default\">Rethinking Responsability in science and technology <\/h3>\t\t\t\t<\/div>\n\t\t\t\t<\/div>\n\t\t\t\t<div class=\"elementor-element elementor-element-75797d0d elementor-widget elementor-widget-text-editor\" data-id=\"75797d0d\" data-element_type=\"widget\" data-e-type=\"widget\" data-widget_type=\"text-editor.default\">\n\t\t\t\t<div class=\"elementor-widget-container\">\n\t\t\t\t\t\t\t\t\t<p class=\"p1\"><span class=\"s1\">The idea of responsibility is deeply embedded into the \u201clifeworld\u201d of human beings and not subject to change. However, the empirical circumstances in which we act and ascribe responsibility to one another are subject to change. Science and technology play a great part in this transformation process. Therefore it is important for us to rethink the idea, the role and the normative standards behind responsibility in a world that is constantly being transformed under the influence of scientific and technological progress. This volume is a contribution to that joint societal effort.<\/span><\/p>\t\t\t\t\t\t\t\t<\/div>\n\t\t\t\t<\/div>\n\t\t\t\t\t<\/div>\n\t\t<\/div>\n\t\t\t\t\t<\/div>\n\t\t<\/section>\n\t\t\t\t<section class=\"elementor-section elementor-top-section elementor-element elementor-element-6bb72b50 elementor-section-content-middle elementor-reverse-mobile elementor-section-boxed elementor-section-height-default elementor-section-height-default\" data-id=\"6bb72b50\" data-element_type=\"section\" data-e-type=\"section\">\n\t\t\t\t\t\t<div class=\"elementor-container elementor-column-gap-default\">\n\t\t\t\t\t<div class=\"elementor-column elementor-col-50 elementor-top-column elementor-element elementor-element-588a1fa8\" data-id=\"588a1fa8\" data-element_type=\"column\" data-e-type=\"column\">\n\t\t\t<div class=\"elementor-widget-wrap elementor-element-populated\">\n\t\t\t\t\t\t<div class=\"elementor-element elementor-element-28cf7c9d elementor-invisible elementor-widget elementor-widget-heading\" data-id=\"28cf7c9d\" data-element_type=\"widget\" data-e-type=\"widget\" data-settings=\"{&quot;_animation&quot;:&quot;fadeInDown&quot;}\" data-widget_type=\"heading.default\">\n\t\t\t\t<div class=\"elementor-widget-container\">\n\t\t\t\t\t<h3 class=\"elementor-heading-title elementor-size-default\">Kunstphilosophie und \u00c4sthetik<\/h3>\t\t\t\t<\/div>\n\t\t\t\t<\/div>\n\t\t\t\t<div class=\"elementor-element elementor-element-57550fa4 elementor-widget elementor-widget-text-editor\" data-id=\"57550fa4\" data-element_type=\"widget\" data-e-type=\"widget\" data-widget_type=\"text-editor.default\">\n\t\t\t\t<div class=\"elementor-widget-container\">\n\t\t\t\t\t\t\t\t\t<p class=\"p1\"><span class=\"s1\">Das Standardwerk in Neuauflage. In rund 160 strukturierten Einzeldarstellungen stellen ausgewiesene Fachleute die zentralen Positionen der europ\u00e4ischen und angloamerikanischen \u00c4sthetik und Kunstphilosophie vor. Die Darstellungen enthalten jeweils eine Kurzbiografie, eine kompakte Darstellung des Oeuvres, eine Orientierung zu Kontext und Rezeption sowie eine Bibliographie. Die Artikel wurden durchg\u00e4ngig aktualisiert, einige neu hinzugef\u00fcgt \u2013 f\u00fcr Studierende, Dozierende sowie Freunde der Philosophie und der Kunst, f\u00fcr K\u00fcnstler und Galeristen.<\/span><\/p>\t\t\t\t\t\t\t\t<\/div>\n\t\t\t\t<\/div>\n\t\t\t\t\t<\/div>\n\t\t<\/div>\n\t\t\t\t<div class=\"elementor-column elementor-col-50 elementor-top-column elementor-element elementor-element-6fbc0f0b\" data-id=\"6fbc0f0b\" data-element_type=\"column\" data-e-type=\"column\">\n\t\t\t<div class=\"elementor-widget-wrap elementor-element-populated\">\n\t\t\t\t\t\t<div class=\"elementor-element elementor-element-6fe5e01d elementor-invisible elementor-widget elementor-widget-image\" data-id=\"6fe5e01d\" data-element_type=\"widget\" data-e-type=\"widget\" data-settings=\"{&quot;_animation&quot;:&quot;fadeInDown&quot;}\" data-widget_type=\"image.default\">\n\t\t\t\t<div class=\"elementor-widget-container\">\n\t\t\t\t\t\t\t\t\t\t\t\t\t\t\t\t<a href=\"https:\/\/i0.wp.com\/julian-nida-ruemelin.com\/wp-content\/uploads\/2020\/10\/Aesthetik.png?ssl=1\" data-elementor-open-lightbox=\"yes\" data-elementor-lightbox-title=\"\u00c4sthetik und Kunstphilosophie\" data-elementor-lightbox-description=\"Aesthetik und kunstphilosophie\" data-e-action-hash=\"#elementor-action%3Aaction%3Dlightbox%26settings%3DeyJpZCI6NzcyLCJ1cmwiOiJodHRwczpcL1wvanVsaWFuLW5pZGEtcnVlbWVsaW4uY29tXC93cC1jb250ZW50XC91cGxvYWRzXC8yMDIwXC8xMFwvQWVzdGhldGlrLnBuZyJ9\">\n\t\t\t\t\t\t\t<img loading=\"lazy\" decoding=\"async\" data-attachment-id=\"772\" data-permalink=\"https:\/\/julian-nida-ruemelin.com\/en\/herausgeberschaften-julian-nida-rumelin\/aesthetik\/\" data-orig-file=\"https:\/\/i0.wp.com\/julian-nida-ruemelin.com\/wp-content\/uploads\/2020\/10\/Aesthetik.png?fit=245%2C360&amp;ssl=1\" data-orig-size=\"245,360\" data-comments-opened=\"1\" data-image-meta=\"{&quot;aperture&quot;:&quot;0&quot;,&quot;credit&quot;:&quot;&quot;,&quot;camera&quot;:&quot;&quot;,&quot;caption&quot;:&quot;&quot;,&quot;created_timestamp&quot;:&quot;0&quot;,&quot;copyright&quot;:&quot;&quot;,&quot;focal_length&quot;:&quot;0&quot;,&quot;iso&quot;:&quot;0&quot;,&quot;shutter_speed&quot;:&quot;0&quot;,&quot;title&quot;:&quot;&quot;,&quot;orientation&quot;:&quot;0&quot;}\" data-image-title=\"\u00c4sthetik und Kunstphilosophie\" data-image-description=\"&lt;p&gt;Aesthetik und kunstphilosophie&lt;\/p&gt;\" data-image-caption=\"&lt;p&gt;Aesthetik und Kunstphilosophie&lt;\/p&gt;\" data-large-file=\"https:\/\/i0.wp.com\/julian-nida-ruemelin.com\/wp-content\/uploads\/2020\/10\/Aesthetik.png?fit=245%2C245&amp;ssl=1\" width=\"204\" height=\"300\" src=\"https:\/\/i0.wp.com\/julian-nida-ruemelin.com\/wp-content\/uploads\/2020\/10\/Aesthetik.png?fit=204%2C300&amp;ssl=1\" class=\"attachment-medium size-medium wp-image-772\" alt=\"Julian Nida-Ruemelin\" srcset=\"https:\/\/i0.wp.com\/julian-nida-ruemelin.com\/wp-content\/uploads\/2020\/10\/Aesthetik.png?w=245&amp;ssl=1 245w, https:\/\/i0.wp.com\/julian-nida-ruemelin.com\/wp-content\/uploads\/2020\/10\/Aesthetik.png?resize=204%2C300&amp;ssl=1 204w\" sizes=\"(max-width: 204px) 100vw, 204px\" \/>\t\t\t\t\t\t\t\t<\/a>\n\t\t\t\t\t\t\t\t\t\t\t\t\t\t\t<\/div>\n\t\t\t\t<\/div>\n\t\t\t\t<div class=\"elementor-element elementor-element-a799ed6 elementor-button-info elementor-align-center elementor-widget elementor-widget-button\" data-id=\"a799ed6\" data-element_type=\"widget\" data-e-type=\"widget\" data-widget_type=\"button.default\">\n\t\t\t\t<div class=\"elementor-widget-container\">\n\t\t\t\t\t\t\t\t\t<div class=\"elementor-button-wrapper\">\n\t\t\t\t\t<a class=\"elementor-button elementor-button-link elementor-size-sm\" href=\"https:\/\/www.kroener-verlag.de\/details\/product\/aesthetik-und-kunstphilosophie\/\" target=\"_blank\" rel=\"noopener\">\n\t\t\t\t\t\t<span class=\"elementor-button-content-wrapper\">\n\t\t\t\t\t\t<span class=\"elementor-button-icon\">\n\t\t\t\t<i aria-hidden=\"true\" class=\"far fa-hand-pointer\"><\/i>\t\t\t<\/span>\n\t\t\t\t\t\t\t\t\t<span class=\"elementor-button-text\">Kr\u00f6ner<\/span>\n\t\t\t\t\t<\/span>\n\t\t\t\t\t<\/a>\n\t\t\t\t<\/div>\n\t\t\t\t\t\t\t\t<\/div>\n\t\t\t\t<\/div>\n\t\t\t\t\t<\/div>\n\t\t<\/div>\n\t\t\t\t\t<\/div>\n\t\t<\/section>\n\t\t\t\t<section class=\"elementor-section elementor-top-section elementor-element elementor-element-5879de98 elementor-section-content-middle elementor-section-boxed elementor-section-height-default elementor-section-height-default\" data-id=\"5879de98\" data-element_type=\"section\" data-e-type=\"section\">\n\t\t\t\t\t\t<div class=\"elementor-container elementor-column-gap-default\">\n\t\t\t\t\t<div class=\"elementor-column elementor-col-50 elementor-top-column elementor-element elementor-element-4bbbe13f\" data-id=\"4bbbe13f\" data-element_type=\"column\" data-e-type=\"column\">\n\t\t\t<div class=\"elementor-widget-wrap elementor-element-populated\">\n\t\t\t\t\t\t<div class=\"elementor-element elementor-element-1a16724 elementor-invisible elementor-widget elementor-widget-image\" data-id=\"1a16724\" data-element_type=\"widget\" data-e-type=\"widget\" data-settings=\"{&quot;_animation&quot;:&quot;fadeInDown&quot;}\" data-widget_type=\"image.default\">\n\t\t\t\t<div class=\"elementor-widget-container\">\n\t\t\t\t\t\t\t\t\t\t\t\t\t\t\t\t<a href=\"https:\/\/i0.wp.com\/julian-nida-ruemelin.com\/wp-content\/uploads\/2020\/10\/welt-der-gruende.png?ssl=1\" data-elementor-open-lightbox=\"yes\" data-elementor-lightbox-title=\"Welt der Gr\u00fcnde\" data-elementor-lightbox-description=\"Was k\u00f6nnen Gr\u00fcnde \u00fcberhaupt leisten?\" data-e-action-hash=\"#elementor-action%3Aaction%3Dlightbox%26settings%3DeyJpZCI6NjczLCJ1cmwiOiJodHRwczpcL1wvanVsaWFuLW5pZGEtcnVlbWVsaW4uY29tXC93cC1jb250ZW50XC91cGxvYWRzXC8yMDIwXC8xMFwvd2VsdC1kZXItZ3J1ZW5kZS5wbmcifQ%3D%3D\">\n\t\t\t\t\t\t\t<img loading=\"lazy\" decoding=\"async\" data-attachment-id=\"673\" data-permalink=\"https:\/\/julian-nida-ruemelin.com\/en\/herausgeberschaften-julian-nida-rumelin\/welt-der-gruende\/\" data-orig-file=\"https:\/\/i0.wp.com\/julian-nida-ruemelin.com\/wp-content\/uploads\/2020\/10\/welt-der-gruende.png?fit=252%2C345&amp;ssl=1\" data-orig-size=\"252,345\" data-comments-opened=\"1\" data-image-meta=\"{&quot;aperture&quot;:&quot;0&quot;,&quot;credit&quot;:&quot;&quot;,&quot;camera&quot;:&quot;&quot;,&quot;caption&quot;:&quot;&quot;,&quot;created_timestamp&quot;:&quot;0&quot;,&quot;copyright&quot;:&quot;&quot;,&quot;focal_length&quot;:&quot;0&quot;,&quot;iso&quot;:&quot;0&quot;,&quot;shutter_speed&quot;:&quot;0&quot;,&quot;title&quot;:&quot;&quot;,&quot;orientation&quot;:&quot;0&quot;}\" data-image-title=\"Welt der Gr\u00fcnde\" data-image-description=\"&lt;p&gt;Was k\u00f6nnen Gr\u00fcnde \u00fcberhaupt leisten?&lt;\/p&gt;\" data-image-caption=\"&lt;p&gt;welt&lt;\/p&gt;\" data-large-file=\"https:\/\/i0.wp.com\/julian-nida-ruemelin.com\/wp-content\/uploads\/2020\/10\/welt-der-gruende.png?fit=252%2C252&amp;ssl=1\" width=\"219\" height=\"300\" src=\"https:\/\/i0.wp.com\/julian-nida-ruemelin.com\/wp-content\/uploads\/2020\/10\/welt-der-gruende.png?fit=219%2C300&amp;ssl=1\" class=\"attachment-medium size-medium wp-image-673\" alt=\"Julian Nida-Ruemelin\" srcset=\"https:\/\/i0.wp.com\/julian-nida-ruemelin.com\/wp-content\/uploads\/2020\/10\/welt-der-gruende.png?w=252&amp;ssl=1 252w, https:\/\/i0.wp.com\/julian-nida-ruemelin.com\/wp-content\/uploads\/2020\/10\/welt-der-gruende.png?resize=219%2C300&amp;ssl=1 219w\" sizes=\"(max-width: 219px) 100vw, 219px\" \/>\t\t\t\t\t\t\t\t<\/a>\n\t\t\t\t\t\t\t\t\t\t\t\t\t\t\t<\/div>\n\t\t\t\t<\/div>\n\t\t\t\t<div class=\"elementor-element elementor-element-9e7fc3c elementor-button-info elementor-align-center elementor-widget elementor-widget-button\" data-id=\"9e7fc3c\" data-element_type=\"widget\" data-e-type=\"widget\" data-widget_type=\"button.default\">\n\t\t\t\t<div class=\"elementor-widget-container\">\n\t\t\t\t\t\t\t\t\t<div class=\"elementor-button-wrapper\">\n\t\t\t\t\t<a class=\"elementor-button elementor-button-link elementor-size-sm\" href=\"https:\/\/meiner.de\/welt-der-grunde.html\" target=\"_blank\" rel=\"noopener\">\n\t\t\t\t\t\t<span class=\"elementor-button-content-wrapper\">\n\t\t\t\t\t\t<span class=\"elementor-button-icon\">\n\t\t\t\t<i aria-hidden=\"true\" class=\"far fa-hand-pointer\"><\/i>\t\t\t<\/span>\n\t\t\t\t\t\t\t\t\t<span class=\"elementor-button-text\">Meiner<\/span>\n\t\t\t\t\t<\/span>\n\t\t\t\t\t<\/a>\n\t\t\t\t<\/div>\n\t\t\t\t\t\t\t\t<\/div>\n\t\t\t\t<\/div>\n\t\t\t\t\t<\/div>\n\t\t<\/div>\n\t\t\t\t<div class=\"elementor-column elementor-col-50 elementor-top-column elementor-element elementor-element-6c2560aa\" data-id=\"6c2560aa\" data-element_type=\"column\" data-e-type=\"column\">\n\t\t\t<div class=\"elementor-widget-wrap elementor-element-populated\">\n\t\t\t\t\t\t<div class=\"elementor-element elementor-element-1c29ebff elementor-invisible elementor-widget elementor-widget-heading\" data-id=\"1c29ebff\" data-element_type=\"widget\" data-e-type=\"widget\" data-settings=\"{&quot;_animation&quot;:&quot;fadeInDown&quot;}\" data-widget_type=\"heading.default\">\n\t\t\t\t<div class=\"elementor-widget-container\">\n\t\t\t\t\t<h3 class=\"elementor-heading-title elementor-size-default\">Welt der Gr\u00fcnde <\/h3>\t\t\t\t<\/div>\n\t\t\t\t<\/div>\n\t\t\t\t<div class=\"elementor-element elementor-element-7d4b2ccb elementor-invisible elementor-widget elementor-widget-text-editor\" data-id=\"7d4b2ccb\" data-element_type=\"widget\" data-e-type=\"widget\" data-settings=\"{&quot;_animation&quot;:&quot;fadeInDown&quot;}\" data-widget_type=\"text-editor.default\">\n\t\t\t\t<div class=\"elementor-widget-container\">\n\t\t\t\t\t\t\t\t\t<p>Sowohl die wissenschaftliche als auch die lebensweltliche Praxis sind ohne den Austausch von Gr\u00fcnden nicht denkbar, und dennoch ist notorisch unklar, was man unter Gr\u00fcnden eigentlich verstehen sollte: Was ist ihr ontologischer und erkenntnistheoretischer Status? Sind sie objektiv oder subjektiv? In welchem Verh\u00e4ltnis stehen praktische und theoretische Gr\u00fcnde zueinander? Was k\u00f6nnen Gr\u00fcnde \u00fcberhaupt leisten?<\/p>\t\t\t\t\t\t\t\t<\/div>\n\t\t\t\t<\/div>\n\t\t\t\t\t<\/div>\n\t\t<\/div>\n\t\t\t\t\t<\/div>\n\t\t<\/section>\n\t\t\t\t<section class=\"elementor-section elementor-top-section elementor-element elementor-element-684f1b22 elementor-section-content-middle elementor-reverse-mobile elementor-section-boxed elementor-section-height-default elementor-section-height-default\" data-id=\"684f1b22\" data-element_type=\"section\" data-e-type=\"section\">\n\t\t\t\t\t\t<div class=\"elementor-container elementor-column-gap-default\">\n\t\t\t\t\t<div class=\"elementor-column elementor-col-50 elementor-top-column elementor-element elementor-element-3ced662d\" data-id=\"3ced662d\" data-element_type=\"column\" data-e-type=\"column\">\n\t\t\t<div class=\"elementor-widget-wrap elementor-element-populated\">\n\t\t\t\t\t\t<div class=\"elementor-element elementor-element-6cb8d9d6 elementor-invisible elementor-widget elementor-widget-heading\" data-id=\"6cb8d9d6\" data-element_type=\"widget\" data-e-type=\"widget\" data-settings=\"{&quot;_animation&quot;:&quot;fadeInDown&quot;}\" data-widget_type=\"heading.default\">\n\t\t\t\t<div class=\"elementor-widget-container\">\n\t\t\t\t\t<h3 class=\"elementor-heading-title elementor-size-default\">Die Gegenwart der Utopie <\/h3>\t\t\t\t<\/div>\n\t\t\t\t<\/div>\n\t\t\t\t<div class=\"elementor-element elementor-element-21971bd3 elementor-widget elementor-widget-text-editor\" data-id=\"21971bd3\" data-element_type=\"widget\" data-e-type=\"widget\" data-widget_type=\"text-editor.default\">\n\t\t\t\t<div class=\"elementor-widget-container\">\n\t\t\t\t\t\t\t\t\t<p class=\"p1\">Die Zeit scheint reif, wieder \u00fcber Utopien nachzudenken. Globalisierte Welt, wirtschaftliche Krisen und Gerechtigkeit sind die Stichworte, die unser Denken und Handeln herausfordern. Viele Theorien und Handlungsweisen sind in Frage gestellt. Demokratie und Sozialstaat haben sich ver\u00e4ndert, doch m\u00fcssen sie zunehmend auf die Problematik einer gerechten Zukunftsgestaltung reagieren.<\/p>\t\t\t\t\t\t\t\t<\/div>\n\t\t\t\t<\/div>\n\t\t\t\t\t<\/div>\n\t\t<\/div>\n\t\t\t\t<div class=\"elementor-column elementor-col-50 elementor-top-column elementor-element elementor-element-20d10e88\" data-id=\"20d10e88\" data-element_type=\"column\" data-e-type=\"column\">\n\t\t\t<div class=\"elementor-widget-wrap elementor-element-populated\">\n\t\t\t\t\t\t<div class=\"elementor-element elementor-element-21744832 elementor-invisible elementor-widget elementor-widget-image\" data-id=\"21744832\" data-element_type=\"widget\" data-e-type=\"widget\" data-settings=\"{&quot;_animation&quot;:&quot;fadeInDown&quot;}\" data-widget_type=\"image.default\">\n\t\t\t\t<div class=\"elementor-widget-container\">\n\t\t\t\t\t\t\t\t\t\t\t\t\t\t\t\t<a href=\"https:\/\/i0.wp.com\/julian-nida-ruemelin.com\/wp-content\/uploads\/2020\/10\/Gegenwart-der-Utopie.png?ssl=1\" data-elementor-open-lightbox=\"yes\" data-elementor-lightbox-title=\"Gegenwart der Utopie\" data-elementor-lightbox-description=\"Zeitkritik und Denkwende\" data-e-action-hash=\"#elementor-action%3Aaction%3Dlightbox%26settings%3DeyJpZCI6Njc2LCJ1cmwiOiJodHRwczpcL1wvanVsaWFuLW5pZGEtcnVlbWVsaW4uY29tXC93cC1jb250ZW50XC91cGxvYWRzXC8yMDIwXC8xMFwvR2VnZW53YXJ0LWRlci1VdG9waWUucG5nIn0%3D\">\n\t\t\t\t\t\t\t<img loading=\"lazy\" decoding=\"async\" data-attachment-id=\"676\" data-permalink=\"https:\/\/julian-nida-ruemelin.com\/en\/herausgeberschaften-julian-nida-rumelin\/gegenwart-der-utopie\/\" data-orig-file=\"https:\/\/i0.wp.com\/julian-nida-ruemelin.com\/wp-content\/uploads\/2020\/10\/Gegenwart-der-Utopie.png?fit=226%2C348&amp;ssl=1\" data-orig-size=\"226,348\" data-comments-opened=\"1\" data-image-meta=\"{&quot;aperture&quot;:&quot;0&quot;,&quot;credit&quot;:&quot;&quot;,&quot;camera&quot;:&quot;&quot;,&quot;caption&quot;:&quot;&quot;,&quot;created_timestamp&quot;:&quot;0&quot;,&quot;copyright&quot;:&quot;&quot;,&quot;focal_length&quot;:&quot;0&quot;,&quot;iso&quot;:&quot;0&quot;,&quot;shutter_speed&quot;:&quot;0&quot;,&quot;title&quot;:&quot;&quot;,&quot;orientation&quot;:&quot;0&quot;}\" data-image-title=\"Gegenwart der Utopie\" data-image-description=\"&lt;p&gt;Zeitkritik und Denkwende&lt;\/p&gt;\" data-image-caption=\"&lt;p&gt;Gegenwart der Utopie&lt;\/p&gt;\" data-large-file=\"https:\/\/i0.wp.com\/julian-nida-ruemelin.com\/wp-content\/uploads\/2020\/10\/Gegenwart-der-Utopie.png?fit=226%2C226&amp;ssl=1\" width=\"195\" height=\"300\" src=\"https:\/\/i0.wp.com\/julian-nida-ruemelin.com\/wp-content\/uploads\/2020\/10\/Gegenwart-der-Utopie.png?fit=195%2C300&amp;ssl=1\" class=\"attachment-medium size-medium wp-image-676\" alt=\"Julian Nida-Ruemelin\" srcset=\"https:\/\/i0.wp.com\/julian-nida-ruemelin.com\/wp-content\/uploads\/2020\/10\/Gegenwart-der-Utopie.png?w=226&amp;ssl=1 226w, https:\/\/i0.wp.com\/julian-nida-ruemelin.com\/wp-content\/uploads\/2020\/10\/Gegenwart-der-Utopie.png?resize=195%2C300&amp;ssl=1 195w\" sizes=\"(max-width: 195px) 100vw, 195px\" \/>\t\t\t\t\t\t\t\t<\/a>\n\t\t\t\t\t\t\t\t\t\t\t\t\t\t\t<\/div>\n\t\t\t\t<\/div>\n\t\t\t\t<div class=\"elementor-element elementor-element-c89c70f elementor-button-info elementor-align-center elementor-widget elementor-widget-button\" data-id=\"c89c70f\" data-element_type=\"widget\" data-e-type=\"widget\" data-widget_type=\"button.default\">\n\t\t\t\t<div class=\"elementor-widget-container\">\n\t\t\t\t\t\t\t\t\t<div class=\"elementor-button-wrapper\">\n\t\t\t\t\t<a class=\"elementor-button elementor-button-link elementor-size-sm\" href=\"https:\/\/ernster.com\/annotstream\/9783495481004\/PDF\/Die-Gegenwart-der-Utopie.pdf\" target=\"_blank\" rel=\"noopener\">\n\t\t\t\t\t\t<span class=\"elementor-button-content-wrapper\">\n\t\t\t\t\t\t<span class=\"elementor-button-icon\">\n\t\t\t\t<i aria-hidden=\"true\" class=\"far fa-hand-pointer\"><\/i>\t\t\t<\/span>\n\t\t\t\t\t\t\t\t\t<span class=\"elementor-button-text\">Alber<\/span>\n\t\t\t\t\t<\/span>\n\t\t\t\t\t<\/a>\n\t\t\t\t<\/div>\n\t\t\t\t\t\t\t\t<\/div>\n\t\t\t\t<\/div>\n\t\t\t\t\t<\/div>\n\t\t<\/div>\n\t\t\t\t\t<\/div>\n\t\t<\/section>\n\t\t\t\t<section class=\"elementor-section elementor-top-section elementor-element elementor-element-526b32d elementor-section-content-middle elementor-reverse-mobile elementor-section-boxed elementor-section-height-default elementor-section-height-default\" data-id=\"526b32d\" data-element_type=\"section\" data-e-type=\"section\">\n\t\t\t\t\t\t<div class=\"elementor-container elementor-column-gap-default\">\n\t\t\t\t\t<div class=\"elementor-column elementor-col-50 elementor-top-column elementor-element elementor-element-47020501\" data-id=\"47020501\" data-element_type=\"column\" data-e-type=\"column\">\n\t\t\t<div class=\"elementor-widget-wrap elementor-element-populated\">\n\t\t\t\t\t\t<div class=\"elementor-element elementor-element-651086cb elementor-widget elementor-widget-image\" data-id=\"651086cb\" data-element_type=\"widget\" data-e-type=\"widget\" data-widget_type=\"image.default\">\n\t\t\t\t<div class=\"elementor-widget-container\">\n\t\t\t\t\t\t\t\t\t\t\t\t\t\t\t<img loading=\"lazy\" decoding=\"async\" data-attachment-id=\"689\" data-permalink=\"https:\/\/julian-nida-ruemelin.com\/en\/herausgeberschaften-julian-nida-rumelin\/angewandte-ethik\/\" data-orig-file=\"https:\/\/i0.wp.com\/julian-nida-ruemelin.com\/wp-content\/uploads\/2020\/10\/Angewandte-Ethik.png?fit=361%2C557&amp;ssl=1\" data-orig-size=\"361,557\" data-comments-opened=\"1\" data-image-meta=\"{&quot;aperture&quot;:&quot;0&quot;,&quot;credit&quot;:&quot;&quot;,&quot;camera&quot;:&quot;&quot;,&quot;caption&quot;:&quot;&quot;,&quot;created_timestamp&quot;:&quot;0&quot;,&quot;copyright&quot;:&quot;&quot;,&quot;focal_length&quot;:&quot;0&quot;,&quot;iso&quot;:&quot;0&quot;,&quot;shutter_speed&quot;:&quot;0&quot;,&quot;title&quot;:&quot;&quot;,&quot;orientation&quot;:&quot;0&quot;}\" data-image-title=\"Angewandte Ethik\" data-image-description=\"\" data-image-caption=\"&lt;p&gt;Ethik&lt;\/p&gt;\" data-large-file=\"https:\/\/i0.wp.com\/julian-nida-ruemelin.com\/wp-content\/uploads\/2020\/10\/Angewandte-Ethik.png?fit=361%2C361&amp;ssl=1\" width=\"194\" height=\"300\" src=\"https:\/\/i0.wp.com\/julian-nida-ruemelin.com\/wp-content\/uploads\/2020\/10\/Angewandte-Ethik.png?fit=194%2C300&amp;ssl=1\" class=\"attachment-medium size-medium wp-image-689\" alt=\"Julian Nida-Ruemelin\" srcset=\"https:\/\/i0.wp.com\/julian-nida-ruemelin.com\/wp-content\/uploads\/2020\/10\/Angewandte-Ethik.png?w=361&amp;ssl=1 361w, https:\/\/i0.wp.com\/julian-nida-ruemelin.com\/wp-content\/uploads\/2020\/10\/Angewandte-Ethik.png?resize=194%2C300&amp;ssl=1 194w\" sizes=\"(max-width: 194px) 100vw, 194px\" \/>\t\t\t\t\t\t\t\t\t\t\t\t\t\t\t<\/div>\n\t\t\t\t<\/div>\n\t\t\t\t<div class=\"elementor-element elementor-element-9550ece elementor-button-info elementor-align-center elementor-widget elementor-widget-button\" data-id=\"9550ece\" data-element_type=\"widget\" data-e-type=\"widget\" data-widget_type=\"button.default\">\n\t\t\t\t<div class=\"elementor-widget-container\">\n\t\t\t\t\t\t\t\t\t<div class=\"elementor-button-wrapper\">\n\t\t\t\t\t<a class=\"elementor-button elementor-button-link elementor-size-sm\" href=\"https:\/\/www.kroener-verlag.de\/details\/product\/angewandte-ethik\/\" target=\"_blank\" rel=\"noopener\">\n\t\t\t\t\t\t<span class=\"elementor-button-content-wrapper\">\n\t\t\t\t\t\t<span class=\"elementor-button-icon\">\n\t\t\t\t<i aria-hidden=\"true\" class=\"far fa-hand-pointer\"><\/i>\t\t\t<\/span>\n\t\t\t\t\t\t\t\t\t<span class=\"elementor-button-text\">Kr\u00f6ner<\/span>\n\t\t\t\t\t<\/span>\n\t\t\t\t\t<\/a>\n\t\t\t\t<\/div>\n\t\t\t\t\t\t\t\t<\/div>\n\t\t\t\t<\/div>\n\t\t\t\t\t<\/div>\n\t\t<\/div>\n\t\t\t\t<div class=\"elementor-column elementor-col-50 elementor-top-column elementor-element elementor-element-5a47919c\" data-id=\"5a47919c\" data-element_type=\"column\" data-e-type=\"column\">\n\t\t\t<div class=\"elementor-widget-wrap elementor-element-populated\">\n\t\t\t\t\t\t<div class=\"elementor-element elementor-element-719cd957 elementor-invisible elementor-widget elementor-widget-heading\" data-id=\"719cd957\" data-element_type=\"widget\" data-e-type=\"widget\" data-settings=\"{&quot;_animation&quot;:&quot;fadeInDown&quot;}\" data-widget_type=\"heading.default\">\n\t\t\t\t<div class=\"elementor-widget-container\">\n\t\t\t\t\t<h3 class=\"elementor-heading-title elementor-size-default\">Angewandte Ethik <\/h3>\t\t\t\t<\/div>\n\t\t\t\t<\/div>\n\t\t\t\t<div class=\"elementor-element elementor-element-140f4098 elementor-widget elementor-widget-text-editor\" data-id=\"140f4098\" data-element_type=\"widget\" data-e-type=\"widget\" data-widget_type=\"text-editor.default\">\n\t\t\t\t<div class=\"elementor-widget-container\">\n\t\t\t\t\t\t\t\t\t<p>In der Politik, in den Medien, im Recht, in der Wirtschaft, in Wissenschaft und Technik, im Umgang mit Natur und Umwelt stellen sich alte moralische Probleme neu und werden neue, bisher unbekannte aufgeworfen. Die angewandte Ethik formuliert ethische Richtlinien f\u00fcr die verschiedenen Bereiche der modernen Zivilisation, in denen unsere allt\u00e4gliche moralische Intuition nicht ausreicht.<\/p>\t\t\t\t\t\t\t\t<\/div>\n\t\t\t\t<\/div>\n\t\t\t\t\t<\/div>\n\t\t<\/div>\n\t\t\t\t\t<\/div>\n\t\t<\/section>\n\t\t\t\t<section class=\"elementor-section elementor-top-section elementor-element elementor-element-c3d65e7 elementor-section-boxed elementor-section-height-default elementor-section-height-default\" data-id=\"c3d65e7\" data-element_type=\"section\" data-e-type=\"section\">\n\t\t\t\t\t\t<div class=\"elementor-container elementor-column-gap-default\">\n\t\t\t\t\t<div class=\"elementor-column elementor-col-100 elementor-top-column elementor-element elementor-element-157a55f\" data-id=\"157a55f\" data-element_type=\"column\" data-e-type=\"column\">\n\t\t\t<div class=\"elementor-widget-wrap elementor-element-populated\">\n\t\t\t\t\t\t<div class=\"elementor-element elementor-element-5a01691 elementor-widget-divider--view-line elementor-widget elementor-widget-divider\" data-id=\"5a01691\" data-element_type=\"widget\" data-e-type=\"widget\" data-widget_type=\"divider.default\">\n\t\t\t\t<div class=\"elementor-widget-container\">\n\t\t\t\t\t\t\t<div class=\"elementor-divider\">\n\t\t\t<span class=\"elementor-divider-separator\">\n\t\t\t\t\t\t<\/span>\n\t\t<\/div>\n\t\t\t\t\t\t<\/div>\n\t\t\t\t<\/div>\n\t\t\t\t\t<\/div>\n\t\t<\/div>\n\t\t\t\t\t<\/div>\n\t\t<\/section>\n\t\t\t\t<section class=\"elementor-section elementor-top-section elementor-element elementor-element-e4bd9b5 elementor-section-boxed elementor-section-height-default elementor-section-height-default\" data-id=\"e4bd9b5\" data-element_type=\"section\" data-e-type=\"section\">\n\t\t\t\t\t\t<div class=\"elementor-container elementor-column-gap-default\">\n\t\t\t\t\t<div class=\"elementor-column elementor-col-100 elementor-top-column elementor-element elementor-element-42671df\" data-id=\"42671df\" data-element_type=\"column\" data-e-type=\"column\">\n\t\t\t<div class=\"elementor-widget-wrap elementor-element-populated\">\n\t\t\t\t\t\t<div class=\"elementor-element elementor-element-8db7b25 elementor-button-warning elementor-align-center elementor-invisible elementor-widget elementor-widget-button\" data-id=\"8db7b25\" data-element_type=\"widget\" data-e-type=\"widget\" data-settings=\"{&quot;_animation&quot;:&quot;fadeInRight&quot;}\" data-widget_type=\"button.default\">\n\t\t\t\t<div class=\"elementor-widget-container\">\n\t\t\t\t\t\t\t\t\t<div class=\"elementor-button-wrapper\">\n\t\t\t\t\t<a class=\"elementor-button elementor-button-link elementor-size-sm\" href=\"https:\/\/julian-nida-ruemelin.com\/en\/kontakt-2\/\" target=\"_blank\">\n\t\t\t\t\t\t<span class=\"elementor-button-content-wrapper\">\n\t\t\t\t\t\t<span class=\"elementor-button-icon\">\n\t\t\t\t<i aria-hidden=\"true\" class=\"far fa-envelope\"><\/i>\t\t\t<\/span>\n\t\t\t\t\t\t\t\t\t<span class=\"elementor-button-text\">Contact<\/span>\n\t\t\t\t\t<\/span>\n\t\t\t\t\t<\/a>\n\t\t\t\t<\/div>\n\t\t\t\t\t\t\t\t<\/div>\n\t\t\t\t<\/div>\n\t\t\t\t\t<\/div>\n\t\t<\/div>\n\t\t\t\t\t<\/div>\n\t\t<\/section>\n\t\t\t\t<section class=\"elementor-section elementor-top-section elementor-element elementor-element-ce88372 elementor-section-boxed elementor-section-height-default elementor-section-height-default\" data-id=\"ce88372\" data-element_type=\"section\" data-e-type=\"section\">\n\t\t\t\t\t\t<div class=\"elementor-container elementor-column-gap-default\">\n\t\t\t\t\t<div class=\"elementor-column elementor-col-100 elementor-top-column elementor-element elementor-element-8b760a9\" data-id=\"8b760a9\" data-element_type=\"column\" data-e-type=\"column\">\n\t\t\t<div class=\"elementor-widget-wrap elementor-element-populated\">\n\t\t\t\t\t\t<div class=\"elementor-element elementor-element-f3e3a36 elementor-widget elementor-widget-spacer\" data-id=\"f3e3a36\" data-element_type=\"widget\" data-e-type=\"widget\" data-widget_type=\"spacer.default\">\n\t\t\t\t<div class=\"elementor-widget-container\">\n\t\t\t\t\t\t\t<div class=\"elementor-spacer\">\n\t\t\t<div class=\"elementor-spacer-inner\"><\/div>\n\t\t<\/div>\n\t\t\t\t\t\t<\/div>\n\t\t\t\t<\/div>\n\t\t\t\t\t<\/div>\n\t\t<\/div>\n\t\t\t\t\t<\/div>\n\t\t<\/section>\n\t\t\t\t<\/div>","protected":false},"excerpt":{"rendered":"<p>Herausgeberschaften Herder Wege zu einer neuen Friedensordnung Die Autoren dieses Buches eint die Sorge um eine Verk\u00fcrzung der aktuellen Debatten auf die milit\u00e4rische Logik und gleichzeitig eine falsche Moralisierung der Au\u00dfenpolitik. Sie er\u00f6ffnen unterschiedliche Perspektiven f\u00fcr eine neue Realpolitik, in der die Interessen der Ukraine ber\u00fccksichtigt und zugleich die Chancen f\u00fcr stabile Sicherheit und Frieden [&hellip;]<\/p>\n","protected":false},"author":194332538,"featured_media":0,"parent":0,"menu_order":0,"comment_status":"closed","ping_status":"closed","template":"elementor_header_footer","meta":{"site-sidebar-layout":"no-sidebar","site-content-layout":"page-builder","ast-site-content-layout":"","site-content-style":"default","site-sidebar-style":"default","ast-global-header-display":"","ast-banner-title-visibility":"","ast-main-header-display":"","ast-hfb-above-header-display":"","ast-hfb-below-header-display":"","ast-hfb-mobile-header-display":"","site-post-title":"disabled","ast-breadcrumbs-content":"","ast-featured-img":"disabled","footer-sml-layout":"","theme-transparent-header-meta":"default","adv-header-id-meta":"","stick-header-meta":"","header-above-stick-meta":"","header-main-stick-meta":"","header-below-stick-meta":"","astra-migrate-meta-layouts":"default","ast-page-background-enabled":"default","ast-page-background-meta":{"desktop":{"background-color":"","background-image":"","background-repeat":"repeat","background-position":"center center","background-size":"auto","background-attachment":"scroll","background-type":"","background-media":"","overlay-type":"","overlay-color":"","overlay-opacity":"","overlay-gradient":""},"tablet":{"background-color":"","background-image":"","background-repeat":"repeat","background-position":"center center","background-size":"auto","background-attachment":"scroll","background-type":"","background-media":"","overlay-type":"","overlay-color":"","overlay-opacity":"","overlay-gradient":""},"mobile":{"background-color":"","background-image":"","background-repeat":"repeat","background-position":"center center","background-size":"auto","background-attachment":"scroll","background-type":"","background-media":"","overlay-type":"","overlay-color":"","overlay-opacity":"","overlay-gradient":""}},"ast-content-background-meta":{"desktop":{"background-color":"var(--ast-global-color-5)","background-image":"","background-repeat":"repeat","background-position":"center center","background-size":"auto","background-attachment":"scroll","background-type":"","background-media":"","overlay-type":"","overlay-color":"","overlay-opacity":"","overlay-gradient":""},"tablet":{"background-color":"var(--ast-global-color-5)","background-image":"","background-repeat":"repeat","background-position":"center center","background-size":"auto","background-attachment":"scroll","background-type":"","background-media":"","overlay-type":"","overlay-color":"","overlay-opacity":"","overlay-gradient":""},"mobile":{"background-color":"var(--ast-global-color-5)","background-image":"","background-repeat":"repeat","background-position":"center center","background-size":"auto","background-attachment":"scroll","background-type":"","background-media":"","overlay-type":"","overlay-color":"","overlay-opacity":"","overlay-gradient":""}},"footnotes":""},"class_list":["post-354","page","type-page","status-publish","hentry"],"jetpack_shortlink":"https:\/\/wp.me\/PcrcWF-5I","jetpack_sharing_enabled":true,"amp_enabled":false,"_links":{"self":[{"href":"https:\/\/julian-nida-ruemelin.com\/en\/wp-json\/wp\/v2\/pages\/354","targetHints":{"allow":["GET"]}}],"collection":[{"href":"https:\/\/julian-nida-ruemelin.com\/en\/wp-json\/wp\/v2\/pages"}],"about":[{"href":"https:\/\/julian-nida-ruemelin.com\/en\/wp-json\/wp\/v2\/types\/page"}],"author":[{"embeddable":true,"href":"https:\/\/julian-nida-ruemelin.com\/en\/wp-json\/wp\/v2\/users\/194332538"}],"replies":[{"embeddable":true,"href":"https:\/\/julian-nida-ruemelin.com\/en\/wp-json\/wp\/v2\/comments?post=354"}],"version-history":[{"count":100,"href":"https:\/\/julian-nida-ruemelin.com\/en\/wp-json\/wp\/v2\/pages\/354\/revisions"}],"predecessor-version":[{"id":6436,"href":"https:\/\/julian-nida-ruemelin.com\/en\/wp-json\/wp\/v2\/pages\/354\/revisions\/6436"}],"wp:attachment":[{"href":"https:\/\/julian-nida-ruemelin.com\/en\/wp-json\/wp\/v2\/media?parent=354"}],"curies":[{"name":"wp","href":"https:\/\/api.w.org\/{rel}","templated":true}]}}